{"id":4066,"date":"2022-02-18T12:07:20","date_gmt":"2022-02-18T16:07:20","guid":{"rendered":"https:\/\/friesland.com.py\/de\/?page_id=4066"},"modified":"2023-02-15T04:37:56","modified_gmt":"2023-02-15T08:37:56","slug":"geschichte","status":"publish","type":"page","link":"https:\/\/friesland.com.py\/de\/geschichte\/","title":{"rendered":"Geschichte"},"content":{"rendered":"<p>[et_pb_section fb_built=&#8220;1&#8243; fullwidth=&#8220;on&#8220; _builder_version=&#8220;4.16&#8243; _module_preset=&#8220;default&#8220; background_enable_image=&#8220;off&#8220; background_position=&#8220;bottom_left&#8220; max_width=&#8220;1440px&#8220; max_width_tablet=&#8220;980px&#8220; max_width_phone=&#8220;680px&#8220; max_width_last_edited=&#8220;on|phone&#8220; module_alignment=&#8220;center&#8220; top_divider_height=&#8220;251px&#8220; global_colors_info=&#8220;{}&#8220;][et_pb_fullwidth_image src=&#8220;https:\/\/friesland.com.py\/de\/files\/2022\/02\/geschichte_h.png&#8220; title_text=&#8220;geschichte_h&#8220; _builder_version=&#8220;4.16&#8243; _module_preset=&#8220;default&#8220; custom_margin_tablet=&#8220;&#8220; custom_margin_phone=&#8220;80px||||false|false&#8220; custom_margin_last_edited=&#8220;on|phone&#8220; scroll_vertical_motion=&#8220;0|50|50|100|0|0|-3&#8243; scroll_fade=&#8220;0|48|48|100|100%|100|100&#8243; scroll_blur=&#8220;0|39|74|100|62px|0px|0px&#8220; motion_trigger_start=&#8220;bottom&#8220; global_colors_info=&#8220;{}&#8220;][\/et_pb_fullwidth_image][et_pb_fullwidth_image src=&#8220;https:\/\/friesland.com.py\/de\/files\/2022\/02\/dreieck_if.png&#8220; title_text=&#8220;Social Media&#8220; url=&#8220;https:\/\/www.facebook.com\/frieslandpy&#8220; _builder_version=&#8220;4.14.7&#8243; _module_preset=&#8220;default&#8220; width=&#8220;33%&#8220; module_alignment=&#8220;left&#8220; custom_margin=&#8220;-433px||||false|false&#8220; custom_margin_tablet=&#8220;-297px||||false|false&#8220; custom_margin_phone=&#8220;-207px||||false|false&#8220; custom_margin_last_edited=&#8220;on|phone&#8220; scroll_vertical_motion=&#8220;0|50|50|100|0|0|-3&#8243; scroll_fade=&#8220;0|48|48|100|100%|100|100&#8243; scroll_blur=&#8220;0|39|74|100|62px|0px|0px&#8220; motion_trigger_start=&#8220;bottom&#8220; global_module=&#8220;4223&#8243; saved_tabs=&#8220;all&#8220; global_colors_info=&#8220;{}&#8220;][\/et_pb_fullwidth_image][\/et_pb_section][et_pb_section fb_built=&#8220;1&#8243; _builder_version=&#8220;4.16&#8243; _module_preset=&#8220;default&#8220; custom_margin=&#8220;||||false|false&#8220; global_colors_info=&#8220;{}&#8220;][et_pb_row _builder_version=&#8220;4.16&#8243; _module_preset=&#8220;default&#8220; global_colors_info=&#8220;{}&#8220;][et_pb_column type=&#8220;4_4&#8243; _builder_version=&#8220;4.16&#8243; _module_preset=&#8220;default&#8220; global_colors_info=&#8220;{}&#8220;][et_pb_post_title meta=&#8220;off&#8220; featured_image=&#8220;off&#8220; _builder_version=&#8220;4.16&#8243; _module_preset=&#8220;default&#8220; global_colors_info=&#8220;{}&#8220;][\/et_pb_post_title][\/et_pb_column][\/et_pb_row][et_pb_row column_structure=&#8220;3_4,1_4&#8243; disabled_on=&#8220;on|on|off&#8220; _builder_version=&#8220;4.16&#8243; _module_preset=&#8220;default&#8220; global_colors_info=&#8220;{}&#8220;][et_pb_column type=&#8220;3_4&#8243; _builder_version=&#8220;4.16&#8243; _module_preset=&#8220;default&#8220; global_colors_info=&#8220;{}&#8220;][et_pb_blurb title=&#8220;Die Geschichte der Mennoniten&#8220; content_max_width=&#8220;1100px&#8220; _builder_version=&#8220;4.16&#8243; _module_preset=&#8220;default&#8220; header_level=&#8220;h3&#8243; body_font=&#8220;||||||||&#8220; text_shadow_style=&#8220;preset1&#8243; text_shadow_vertical_length=&#8220;0em&#8220; text_shadow_blur_strength=&#8220;0em&#8220; text_shadow_color=&#8220;#000000&#8243; global_colors_info=&#8220;{}&#8220;]<\/p>\n<p>Friesland ist eine Mennonitenkolonie im Departement San Pedro, im Norden Paraguays. Um ihre Geschichte und Entwicklung zu verstehen, muss man zun\u00e4chst die Geschichte der Mennoniten betrachten.<\/p>\n<p>Diese haben ihren Ursprung in der Zeit der Reformation im 16. Jahrhundert. Zu dieser Zeit bildete sich in Europa eine Gruppe von radikalen Wiedert\u00e4ufern. Diese lehnten die Kindertaufe ab und praktizierten die Glaubenstaufe der Erwachsenen. Aufgrund ihrer friedfertigen Lebenseinstellung verweigerten sie den Kriegsdienst und forderten die Trennung zwischen Kirche und Staat. Dies f\u00fchrte von Seiten des Staates, aber auch der Kirche, zu Verfolgungen der Wiedert\u00e4ufer. Die Folge davon war eine Verteilung auf dem ganzen europ\u00e4ischen Kontinent.<\/p>\n<p>Der niederl\u00e4ndische katholische Ex-Priester Menno Simons sammelte und festigte viele dieser verstreuten T\u00e4ufer, die bald darauf \u201eMennoniten\u201c genannt wurden.<\/p>\n<p>Mennoniten zeichneten sich schon immer durch ihre Liebe zum Landleben heraus. Auf den verschiedenen Wanderrouten seit dem 16. Jahrhundert bis heute, durchzogen sie unter anderem die Niederlande, Preu\u00dfen, Russland, Kanada, die Vereinigten Staaten, Mexiko, Bolivien und Paraguay. Dabei bebauten sie immer wieder schwieriges Land, das manchmal unwirtschaftlich und unbewohnt war, und machten es fruchtbar, um ihre Familien zu ern\u00e4hren.<\/p>\n<p>[\/et_pb_blurb][\/et_pb_column][et_pb_column type=&#8220;1_4&#8243; _builder_version=&#8220;4.16&#8243; _module_preset=&#8220;default&#8220; global_colors_info=&#8220;{}&#8220;][et_pb_image src=&#8220;https:\/\/friesland.com.py\/de\/files\/2022\/02\/geschichte1.png&#8220; title_text=&#8220;geschichte1&#8243; _builder_version=&#8220;4.16&#8243; _module_preset=&#8220;default&#8220; global_colors_info=&#8220;{}&#8220;][\/et_pb_image][et_pb_image src=&#8220;https:\/\/friesland.com.py\/de\/files\/2022\/02\/Geschichte2.png&#8220; title_text=&#8220;Geschichte2&#8243; _builder_version=&#8220;4.16&#8243; _module_preset=&#8220;default&#8220; global_colors_info=&#8220;{}&#8220;][\/et_pb_image][\/et_pb_column][\/et_pb_row][et_pb_row column_structure=&#8220;1_2,1_2&#8243; disabled_on=&#8220;off|off|on&#8220; _builder_version=&#8220;4.16&#8243; _module_preset=&#8220;default&#8220; custom_padding=&#8220;||0px|||&#8220; global_colors_info=&#8220;{}&#8220;][et_pb_column type=&#8220;1_2&#8243; _builder_version=&#8220;4.16&#8243; _module_preset=&#8220;default&#8220; global_colors_info=&#8220;{}&#8220;][et_pb_blurb title=&#8220;Die Geschichte der Mennoniten&#8220; content_max_width=&#8220;1100px&#8220; _builder_version=&#8220;4.16&#8243; _module_preset=&#8220;default&#8220; header_level=&#8220;h3&#8243; body_font=&#8220;||||||||&#8220; text_shadow_style=&#8220;preset1&#8243; text_shadow_vertical_length=&#8220;0em&#8220; text_shadow_blur_strength=&#8220;0em&#8220; text_shadow_color=&#8220;#000000&#8243; global_colors_info=&#8220;{}&#8220;]<\/p>\n<p>Friesland ist eine Mennonitenkolonie im Departement San Pedro, im Norden Paraguays. Um ihre Geschichte und Entwicklung zu verstehen, muss man zun\u00e4chst die Geschichte der Mennoniten betrachten.<\/p>\n<p>Diese haben ihren Ursprung in der Zeit der Reformation im 16. Jahrhundert. Zu dieser Zeit bildete sich in Europa eine Gruppe von radikalen Wiedert\u00e4ufern. Diese lehnten die Kindertaufe ab und praktizierten die Glaubenstaufe der Erwachsenen. Aufgrund ihrer friedfertigen Lebenseinstellung verweigerten sie den Kriegsdienst und forderten die Trennung zwischen Kirche und Staat. Dies f\u00fchrte von Seiten des Staates, aber auch der Kirche, zu Verfolgungen der Wiedert\u00e4ufer. Die Folge davon war eine Verteilung auf dem ganzen europ\u00e4ischen Kontinent.<\/p>\n<p>Der niederl\u00e4ndische katholische Ex-Priester Menno Simons sammelte und festigte viele dieser verstreuten T\u00e4ufer, die bald darauf \u201eMennoniten\u201c genannt wurden.<\/p>\n<p>Mennoniten zeichneten sich schon immer durch ihre Liebe zum Landleben heraus. Auf den verschiedenen Wanderrouten seit dem 16. Jahrhundert bis heute, durchzogen sie unter anderem die Niederlande, Preu\u00dfen, Russland, Kanada, die Vereinigten Staaten, Mexiko, Bolivien und Paraguay. Dabei bebauten sie immer wieder schwieriges Land, das manchmal unwirtschaftlich und unbewohnt war, und machten es fruchtbar, um ihre Familien zu ern\u00e4hren.<\/p>\n<p>[\/et_pb_blurb][\/et_pb_column][et_pb_column type=&#8220;1_2&#8243; _builder_version=&#8220;4.16&#8243; _module_preset=&#8220;default&#8220; global_colors_info=&#8220;{}&#8220;][\/et_pb_column][\/et_pb_row][et_pb_row column_structure=&#8220;1_4,1_4,1_4,1_4&#8243; disabled_on=&#8220;off|off|on&#8220; _builder_version=&#8220;4.16&#8243; _module_preset=&#8220;default&#8220; global_colors_info=&#8220;{}&#8220;][et_pb_column type=&#8220;1_4&#8243; _builder_version=&#8220;4.16&#8243; _module_preset=&#8220;default&#8220; global_colors_info=&#8220;{}&#8220;][et_pb_image src=&#8220;https:\/\/friesland.com.py\/de\/files\/2022\/02\/geschichte1.png&#8220; title_text=&#8220;geschichte1&#8243; align=&#8220;center&#8220; _builder_version=&#8220;4.16&#8243; _module_preset=&#8220;default&#8220; global_colors_info=&#8220;{}&#8220;][\/et_pb_image][\/et_pb_column][et_pb_column type=&#8220;1_4&#8243; _builder_version=&#8220;4.16&#8243; _module_preset=&#8220;default&#8220; global_colors_info=&#8220;{}&#8220;][et_pb_image src=&#8220;https:\/\/friesland.com.py\/de\/files\/2022\/02\/Geschichte2.png&#8220; title_text=&#8220;Geschichte2&#8243; align=&#8220;center&#8220; _builder_version=&#8220;4.16&#8243; _module_preset=&#8220;default&#8220; global_colors_info=&#8220;{}&#8220;][\/et_pb_image][\/et_pb_column][et_pb_column type=&#8220;1_4&#8243; _builder_version=&#8220;4.16&#8243; _module_preset=&#8220;default&#8220; global_colors_info=&#8220;{}&#8220;][\/et_pb_column][et_pb_column type=&#8220;1_4&#8243; _builder_version=&#8220;4.16&#8243; _module_preset=&#8220;default&#8220; global_colors_info=&#8220;{}&#8220;][\/et_pb_column][\/et_pb_row][et_pb_row column_structure=&#8220;3_4,1_4&#8243; disabled_on=&#8220;on|on|off&#8220; _builder_version=&#8220;4.16&#8243; _module_preset=&#8220;default&#8220; global_colors_info=&#8220;{}&#8220;][et_pb_column type=&#8220;3_4&#8243; _builder_version=&#8220;4.16&#8243; _module_preset=&#8220;default&#8220; global_colors_info=&#8220;{}&#8220;][et_pb_blurb title=&#8220;Geschichte der Kolonie Friesland&#8220; content_max_width=&#8220;1100px&#8220; _builder_version=&#8220;4.16&#8243; _module_preset=&#8220;default&#8220; header_level=&#8220;h3&#8243; body_font=&#8220;||||||||&#8220; text_shadow_style=&#8220;preset1&#8243; text_shadow_vertical_length=&#8220;0em&#8220; text_shadow_blur_strength=&#8220;0em&#8220; text_shadow_color=&#8220;#000000&#8243; global_colors_info=&#8220;{}&#8220;]<\/p>\n<p>Im Jahr 1929 verlie\u00df eine kleine Gruppe Mennoniten fluchtartig die Sowjetunion. Ein Teil dieser Gruppe gr\u00fcndete 1930 im zentralen Chaco die Kolonie Fernheim. Hier begannen sie in der Wildnis aus dem Nichts ihre Existenz aufzubauen.<\/p>\n<p>Die Anfangsjahre in Fernheim waren extrem schwer, da nicht nur die klimatischen und wirtschaftlichen Verh\u00e4ltnisse schwierig waren, sondern auch die sozialen. Dies f\u00fchrte dazu, dass ungef\u00e4hr ein Drittel der Bewohner Fernheims im Juli 1937 die neu gegr\u00fcndete Kolonie im zentralen Chaco verlie\u00df und sich nach Ost-Paraguay auf die Suche nach besseren M\u00f6glichkeiten begab.<\/p>\n<p>Im gleichen Jahr der Abwanderung gr\u00fcndete diese Gruppe die Kolonie Friesland im Departement von San Pedro, 45 Km \u00f6stlich des Paraguayflusses. Dabei wurde der Name \u201eFriesland\u201c von einem der Ursprungsorte der Mennoniten in den Niederlanden und in Deutschland abgeleitet.<\/p>\n<p>Seit der Gr\u00fcndung der Kolonie ist eine der wichtigsten S\u00e4ulen, auf die die Kolonie baut, der Glaube. Weitere wichtige S\u00e4ulen sind die Arbeit, die Familie und die Bildung.<\/p>\n<p>Auf einer Fl\u00e4che von ca. 6911 ha siedelten 135 Familien (ca. 750 Personen) an. Die Wirtschaften und H\u00e4user der Kolonie wurden in D\u00f6rfern angelegt.<\/p>\n<p>Trotz der Vorteile, die die Umsiedlung nach Ost-Paraguay mit sich brachte, machte sich auch in Friesland bald das Fehlen eines geeigneten Absatzmarktes bemerkbar.<\/p>\n<p>In den Jahren 1937 bis 1945 pflanzte man Baumwolle. Doch der gro\u00dfe Erfolg mit dieser Anbaukultur blieb aus. In den Jahren 1945 bis 1955 verdienten die Friesl\u00e4nder ihren Lebensunterhalt als Angestellte, Handwerker und Viehz\u00fcchter. Au\u00dferdem boten sie ihre Dienste mit ihren Fuhrwerken an.<\/p>\n<p>Die Ungewissheit und die wirtschaftliche Unstabilit\u00e4t dieser Jahre nahm vielen Kolonisten Mut und Hoffnung und brachte gr\u00f6\u00dfere Abwanderungen mit sich.<\/p>\n<p>In den 60er Jahren wurde unter gro\u00dfer Anstrengung und auf Grund einer stabilen wirtschaftlichen Entwicklung Land hinzugekauft. Die Kolonisten wurden wieder Ackerbauern und steigerten deutlich die wirtschaftliche Produktion. In den Jahren 1956 bis 1964 pflanzten die Bauern haupts\u00e4chlich Mais und vermarkteten diese mit Hilfe der Kooperative. Ab dem Jahr 1965 begann die Weizen- und Soja\u00e4ra und brachte gro\u00dfen Fortschritt in die Kolonie, bevor dann 1989 die Direktsaat eingef\u00fchrt wurde. Sie erh\u00f6hte die Produktion und sch\u00fctzte gleichzeitig die Umwelt.<\/p>\n<p>&nbsp;<\/p>\n<p><em>Derzeit gibt es in Friesland etwa 260 Haushalte, das sind etwa 680 Personen.<\/em><\/p>\n<p>[\/et_pb_blurb][\/et_pb_column][et_pb_column type=&#8220;1_4&#8243; _builder_version=&#8220;4.16&#8243; _module_preset=&#8220;default&#8220; global_colors_info=&#8220;{}&#8220;][et_pb_image src=&#8220;https:\/\/friesland.com.py\/de\/files\/2022\/02\/ankunft.png&#8220; title_text=&#8220;ankunft&#8220; _builder_version=&#8220;4.16&#8243; _module_preset=&#8220;default&#8220; global_colors_info=&#8220;{}&#8220;][\/et_pb_image][et_pb_image src=&#8220;https:\/\/friesland.com.py\/de\/files\/2022\/02\/geschichte3.png&#8220; title_text=&#8220;geschichte3&#8243; _builder_version=&#8220;4.16&#8243; _module_preset=&#8220;default&#8220; global_colors_info=&#8220;{}&#8220;][\/et_pb_image][et_pb_image src=&#8220;https:\/\/friesland.com.py\/de\/files\/2022\/02\/geschichte4.png&#8220; title_text=&#8220;geschichte4&#8243; _builder_version=&#8220;4.16&#8243; _module_preset=&#8220;default&#8220; global_colors_info=&#8220;{}&#8220;][\/et_pb_image][et_pb_image src=&#8220;https:\/\/friesland.com.py\/de\/files\/2022\/02\/denkmal.png&#8220; title_text=&#8220;denkmal&#8220; _builder_version=&#8220;4.16&#8243; _module_preset=&#8220;default&#8220; global_colors_info=&#8220;{}&#8220;][\/et_pb_image][\/et_pb_column][\/et_pb_row][et_pb_row column_structure=&#8220;3_4,1_4&#8243; disabled_on=&#8220;off|off|on&#8220; _builder_version=&#8220;4.16&#8243; _module_preset=&#8220;default&#8220; custom_padding=&#8220;||0px|||&#8220; global_colors_info=&#8220;{}&#8220;][et_pb_column type=&#8220;3_4&#8243; _builder_version=&#8220;4.16&#8243; _module_preset=&#8220;default&#8220; global_colors_info=&#8220;{}&#8220;][et_pb_blurb title=&#8220;Geschichte der Kolonie Friesland&#8220; content_max_width=&#8220;1100px&#8220; _builder_version=&#8220;4.16&#8243; _module_preset=&#8220;default&#8220; header_level=&#8220;h3&#8243; body_font=&#8220;||||||||&#8220; text_shadow_style=&#8220;preset1&#8243; text_shadow_vertical_length=&#8220;0em&#8220; text_shadow_blur_strength=&#8220;0em&#8220; text_shadow_color=&#8220;#000000&#8243; global_colors_info=&#8220;{}&#8220;]<\/p>\n<p>Im Jahr 1929 verlie\u00df eine kleine Gruppe Mennoniten fluchtartig die Sowjetunion. Ein Teil dieser Gruppe gr\u00fcndete 1930 im zentralen Chaco die Kolonie Fernheim. Hier begannen sie in der Wildnis aus dem Nichts ihre Existenz aufzubauen.<\/p>\n<p>Die Anfangsjahre in Fernheim waren extrem schwer, da nicht nur die klimatischen und wirtschaftlichen Verh\u00e4ltnisse schwierig waren, sondern auch die sozialen. Dies f\u00fchrte dazu, dass ungef\u00e4hr ein Drittel der Bewohner Fernheims im Juli 1937 die neu gegr\u00fcndete Kolonie im zentralen Chaco verlie\u00df und sich nach Ost-Paraguay auf die Suche nach besseren M\u00f6glichkeiten begab.<\/p>\n<p>Im gleichen Jahr der Abwanderung gr\u00fcndete diese Gruppe die Kolonie Friesland im Departement von San Pedro, 45 Km \u00f6stlich des Paraguayflusses. Dabei wurde der Name \u201eFriesland\u201c von einem der Ursprungsorte der Mennoniten in den Niederlanden und in Deutschland abgeleitet.<\/p>\n<p>Seit der Gr\u00fcndung der Kolonie ist eine der wichtigsten S\u00e4ulen, auf die die Kolonie baut, der Glaube. Weitere wichtige S\u00e4ulen sind die Arbeit, die Familie und die Bildung.<\/p>\n<p>Auf einer Fl\u00e4che von ca. 6911 ha siedelten 135 Familien (ca. 750 Personen) an. Die Wirtschaften und H\u00e4user der Kolonie wurden in D\u00f6rfern angelegt.<\/p>\n<p>Trotz der Vorteile, die die Umsiedlung nach Ost-Paraguay mit sich brachte, machte sich auch in Friesland bald das Fehlen eines geeigneten Absatzmarktes bemerkbar.<\/p>\n<p>In den Jahren 1937 bis 1945 pflanzte man Baumwolle. Doch der gro\u00dfe Erfolg mit dieser Anbaukultur blieb aus. In den Jahren 1945 bis 1955 verdienten die Friesl\u00e4nder ihren Lebensunterhalt als Angestellte, Handwerker und Viehz\u00fcchter. Au\u00dferdem boten sie ihre Dienste mit ihren Fuhrwerken an.<\/p>\n<p>Die Ungewissheit und die wirtschaftliche Unstabilit\u00e4t dieser Jahre nahm vielen Kolonisten Mut und Hoffnung und brachte gr\u00f6\u00dfere Abwanderungen mit sich.<\/p>\n<p>In den 60er Jahren wurde unter gro\u00dfer Anstrengung und auf Grund einer stabilen wirtschaftlichen Entwicklung Land hinzugekauft. Die Kolonisten wurden wieder Ackerbauern und steigerten deutlich die wirtschaftliche Produktion. In den Jahren 1956 bis 1964 pflanzten die Bauern haupts\u00e4chlich Mais und vermarkteten diese mit Hilfe der Kooperative. Ab dem Jahr 1965 begann die Weizen- und Soja\u00e4ra und brachte gro\u00dfen Fortschritt in die Kolonie, bevor dann 1989 die Direktsaat eingef\u00fchrt wurde. Sie erh\u00f6hte die Produktion und sch\u00fctzte gleichzeitig die Umwelt.<\/p>\n<p>&nbsp;<\/p>\n<p><em>Derzeit gibt es in Friesland etwa 260 Haushalte, das sind etwa 680 Personen.<\/em><\/p>\n<p>[\/et_pb_blurb][\/et_pb_column][et_pb_column type=&#8220;1_4&#8243; _builder_version=&#8220;4.16&#8243; _module_preset=&#8220;default&#8220; global_colors_info=&#8220;{}&#8220;][\/et_pb_column][\/et_pb_row][et_pb_row column_structure=&#8220;1_4,1_4,1_4,1_4&#8243; disabled_on=&#8220;off|off|on&#8220; _builder_version=&#8220;4.16&#8243; _module_preset=&#8220;default&#8220; custom_padding=&#8220;||0px|||&#8220; global_colors_info=&#8220;{}&#8220;][et_pb_column type=&#8220;1_4&#8243; _builder_version=&#8220;4.16&#8243; _module_preset=&#8220;default&#8220; global_colors_info=&#8220;{}&#8220;][et_pb_image src=&#8220;https:\/\/friesland.com.py\/de\/files\/2022\/02\/ankunft.png&#8220; title_text=&#8220;ankunft&#8220; align=&#8220;center&#8220; _builder_version=&#8220;4.16&#8243; _module_preset=&#8220;default&#8220; global_colors_info=&#8220;{}&#8220;][\/et_pb_image][et_pb_image src=&#8220;https:\/\/friesland.com.py\/de\/files\/2022\/02\/geschichte4.png&#8220; title_text=&#8220;geschichte4&#8243; align=&#8220;center&#8220; _builder_version=&#8220;4.16&#8243; _module_preset=&#8220;default&#8220; global_colors_info=&#8220;{}&#8220;][\/et_pb_image][\/et_pb_column][et_pb_column type=&#8220;1_4&#8243; _builder_version=&#8220;4.16&#8243; _module_preset=&#8220;default&#8220; global_colors_info=&#8220;{}&#8220;][et_pb_image src=&#8220;https:\/\/friesland.com.py\/de\/files\/2022\/02\/geschichte3.png&#8220; title_text=&#8220;geschichte3&#8243; align=&#8220;center&#8220; _builder_version=&#8220;4.16&#8243; _module_preset=&#8220;default&#8220; global_colors_info=&#8220;{}&#8220;][\/et_pb_image][et_pb_image src=&#8220;https:\/\/friesland.com.py\/de\/files\/2022\/02\/denkmal.png&#8220; title_text=&#8220;denkmal&#8220; align=&#8220;center&#8220; _builder_version=&#8220;4.16&#8243; _module_preset=&#8220;default&#8220; global_colors_info=&#8220;{}&#8220;][\/et_pb_image][\/et_pb_column][et_pb_column type=&#8220;1_4&#8243; _builder_version=&#8220;4.16&#8243; _module_preset=&#8220;default&#8220; global_colors_info=&#8220;{}&#8220;][\/et_pb_column][et_pb_column type=&#8220;1_4&#8243; _builder_version=&#8220;4.16&#8243; _module_preset=&#8220;default&#8220; global_colors_info=&#8220;{}&#8220;][\/et_pb_column][\/et_pb_row][\/et_pb_section][et_pb_section fb_built=&#8220;1&#8243; _builder_version=&#8220;4.16&#8243; _module_preset=&#8220;default&#8220; global_colors_info=&#8220;{}&#8220;][et_pb_row _builder_version=&#8220;4.16&#8243; locked=&#8220;off&#8220; global_colors_info=&#8220;{}&#8220;][et_pb_column type=&#8220;4_4&#8243; saved_specialty_column_type=&#8220;3_4&#8243; _builder_version=&#8220;4.16&#8243; global_colors_info=&#8220;{}&#8220;][et_pb_video_slider show_image_overlay=&#8220;on&#8220; _builder_version=&#8220;4.17.4&#8243; hover_enabled=&#8220;0&#8243; global_colors_info=&#8220;{}&#8220; disabled_on=&#8220;on|on|on&#8220; disabled=&#8220;on&#8220; sticky_enabled=&#8220;0&#8243;][et_pb_video_slider_item src=&#8220;http:\/\/www.youtube.com\/watch?v=1mqZaiW5I5c&#8220; _builder_version=&#8220;4.2&#8243; global_colors_info=&#8220;{}&#8220; show_image_overlay=&#8220;on&#8220;][\/et_pb_video_slider_item][et_pb_video_slider_item src=&#8220;http:\/\/www.youtube.com\/watch?v=PcOJVDAvhdk&#8220; _builder_version=&#8220;4.2&#8243; global_colors_info=&#8220;{}&#8220; show_image_overlay=&#8220;on&#8220;][\/et_pb_video_slider_item][et_pb_video_slider_item src=&#8220;http:\/\/www.youtube.com\/watch?v=Za1uQJ7ZPzg&#8220; _builder_version=&#8220;4.17.4&#8243; hover_enabled=&#8220;0&#8243; global_colors_info=&#8220;{}&#8220; show_image_overlay=&#8220;on&#8220; sticky_enabled=&#8220;0&#8243;][\/et_pb_video_slider_item][\/et_pb_video_slider][et_pb_video_slider show_image_overlay=&#8220;on&#8220; _builder_version=&#8220;4.17.4&#8243; hover_enabled=&#8220;0&#8243; global_colors_info=&#8220;{}&#8220; disabled_on=&#8220;off|off|off&#8220; sticky_enabled=&#8220;0&#8243;][et_pb_video_slider_item src=&#8220;https:\/\/www.youtube.com\/watch?v=Brn99_dbB5U&#8220; _builder_version=&#8220;4.17.4&#8243; hover_enabled=&#8220;0&#8243; global_colors_info=&#8220;{}&#8220; show_image_overlay=&#8220;on&#8220; sticky_enabled=&#8220;0&#8243;][\/et_pb_video_slider_item][\/et_pb_video_slider][\/et_pb_column][\/et_pb_row][\/et_pb_section][et_pb_section fb_built=&#8220;1&#8243; _builder_version=&#8220;4.14.7&#8243; _module_preset=&#8220;default&#8220; background_color=&#8220;RGBA(255,255,255,0)&#8220; global_module=&#8220;4055&#8243; saved_tabs=&#8220;all&#8220; locked=&#8220;off&#8220; collapsed=&#8220;on&#8220; global_colors_info=&#8220;{}&#8220;][et_pb_row column_structure=&#8220;1_3,1_3,1_3&#8243; _builder_version=&#8220;4.16&#8243; _module_preset=&#8220;default&#8220; background_size=&#8220;initial&#8220; background_position=&#8220;top_left&#8220; background_repeat=&#8220;repeat&#8220; global_colors_info=&#8220;{}&#8220;][et_pb_column type=&#8220;1_3&#8243; _builder_version=&#8220;4.16&#8243; _module_preset=&#8220;default&#8220; global_colors_info=&#8220;{}&#8220;][\/et_pb_column][et_pb_column type=&#8220;1_3&#8243; _builder_version=&#8220;4.16&#8243; _module_preset=&#8220;default&#8220; global_colors_info=&#8220;{}&#8220;][et_pb_blurb content_max_width_tablet=&#8220;&#8220; content_max_width_phone=&#8220;&#8220; content_max_width_last_edited=&#8220;on|desktop&#8220; _builder_version=&#8220;4.16&#8243; _module_preset=&#8220;default&#8220; header_font=&#8220;||||||||&#8220; header_font_size=&#8220;30px&#8220; background_color=&#8220;RGBA(255,255,255,0)&#8220; text_orientation=&#8220;center&#8220; custom_margin=&#8220;||15px||false|false&#8220; border_width_top=&#8220;5px&#8220; border_color_top=&#8220;#273378&#8243; global_colors_info=&#8220;{}&#8220; content_max_width__hover_enabled=&#8220;off|desktop&#8220; width__hover_enabled=&#8220;off|desktop&#8220;][\/et_pb_blurb][\/et_pb_column][et_pb_column type=&#8220;1_3&#8243; _builder_version=&#8220;4.16&#8243; _module_preset=&#8220;default&#8220; global_colors_info=&#8220;{}&#8220;][\/et_pb_column][\/et_pb_row][et_pb_row column_structure=&#8220;1_3,1_3,1_3&#8243; disabled_on=&#8220;on|on|off&#8220; _builder_version=&#8220;4.16&#8243; _module_preset=&#8220;default&#8220; background_size=&#8220;initial&#8220; background_position=&#8220;top_left&#8220; background_repeat=&#8220;repeat&#8220; global_colors_info=&#8220;{}&#8220;][et_pb_column type=&#8220;1_3&#8243; _builder_version=&#8220;4.16&#8243; _module_preset=&#8220;default&#8220; global_colors_info=&#8220;{}&#8220;][et_pb_image src=&#8220;https:\/\/friesland.com.py\/de\/files\/2022\/02\/telefon.png&#8220; title_text=&#8220;telefon&#8220; url=&#8220;@ET-DC@eyJkeW5hbWljIjp0cnVlLCJjb250ZW50IjoicG9zdF9saW5rX3VybF9wYWdlIiwic2V0dGluZ3MiOnsicG9zdF9pZCI6IjQyNjcifX0=@&#8220; align=&#8220;right&#8220; _builder_version=&#8220;4.16&#8243; _dynamic_attributes=&#8220;url&#8220; _module_preset=&#8220;default&#8220; global_colors_info=&#8220;{}&#8220;][\/et_pb_image][\/et_pb_column][et_pb_column type=&#8220;1_3&#8243; _builder_version=&#8220;4.16&#8243; _module_preset=&#8220;default&#8220; global_colors_info=&#8220;{}&#8220;][et_pb_image src=&#8220;https:\/\/friesland.com.py\/de\/files\/2022\/02\/Rechteck-mitte.png&#8220; title_text=&#8220;Rechteck mitte&#8220; url=&#8220;https:\/\/www.facebook.com\/frieslandpy&#8220; align=&#8220;center&#8220; _builder_version=&#8220;4.16&#8243; _module_preset=&#8220;default&#8220; global_colors_info=&#8220;{}&#8220;][\/et_pb_image][\/et_pb_column][et_pb_column type=&#8220;1_3&#8243; _builder_version=&#8220;4.16&#8243; _module_preset=&#8220;default&#8220; global_colors_info=&#8220;{}&#8220;][et_pb_image src=&#8220;https:\/\/friesland.com.py\/de\/files\/2022\/02\/Rechteck-rechts.png&#8220; title_text=&#8220;Rechteck rechts&#8220; url=&#8220;https:\/\/www.instagram.com\/friesland.py\/&#8220; _builder_version=&#8220;4.16&#8243; _module_preset=&#8220;default&#8220; global_colors_info=&#8220;{}&#8220;][\/et_pb_image][\/et_pb_column][\/et_pb_row][et_pb_row column_structure=&#8220;1_6,1_6,1_6,1_6,1_6,1_6&#8243; disabled_on=&#8220;on|off|on&#8220; _builder_version=&#8220;4.16&#8243; _module_preset=&#8220;default&#8220; background_size=&#8220;initial&#8220; background_position=&#8220;top_left&#8220; background_repeat=&#8220;repeat&#8220; global_colors_info=&#8220;{}&#8220;][et_pb_column type=&#8220;1_6&#8243; _builder_version=&#8220;4.16&#8243; _module_preset=&#8220;default&#8220; global_colors_info=&#8220;{}&#8220;][et_pb_image src=&#8220;https:\/\/friesland.com.py\/de\/files\/2022\/02\/telefon.png&#8220; title_text=&#8220;telefon&#8220; url=&#8220;@ET-DC@eyJkeW5hbWljIjp0cnVlLCJjb250ZW50IjoicG9zdF9saW5rX3VybF9wYWdlIiwic2V0dGluZ3MiOnsicG9zdF9pZCI6IjQyNjcifX0=@&#8220; align=&#8220;right&#8220; _builder_version=&#8220;4.16&#8243; _dynamic_attributes=&#8220;url&#8220; _module_preset=&#8220;default&#8220; global_colors_info=&#8220;{}&#8220;][\/et_pb_image][\/et_pb_column][et_pb_column type=&#8220;1_6&#8243; _builder_version=&#8220;4.16&#8243; _module_preset=&#8220;default&#8220; global_colors_info=&#8220;{}&#8220;][et_pb_image src=&#8220;https:\/\/friesland.com.py\/de\/files\/2022\/02\/Rechteck-mitte.png&#8220; title_text=&#8220;Rechteck mitte&#8220; url=&#8220;https:\/\/www.facebook.com\/frieslandpy&#8220; align=&#8220;center&#8220; _builder_version=&#8220;4.16&#8243; _module_preset=&#8220;default&#8220; global_colors_info=&#8220;{}&#8220;][\/et_pb_image][\/et_pb_column][et_pb_column type=&#8220;1_6&#8243; _builder_version=&#8220;4.16&#8243; _module_preset=&#8220;default&#8220; global_colors_info=&#8220;{}&#8220;][et_pb_image src=&#8220;https:\/\/friesland.com.py\/de\/files\/2022\/02\/Rechteck-rechts.png&#8220; title_text=&#8220;Rechteck rechts&#8220; url=&#8220;https:\/\/www.instagram.com\/friesland.py\/&#8220; _builder_version=&#8220;4.16&#8243; _module_preset=&#8220;default&#8220; global_colors_info=&#8220;{}&#8220;][\/et_pb_image][\/et_pb_column][et_pb_column type=&#8220;1_6&#8243; _builder_version=&#8220;4.16&#8243; _module_preset=&#8220;default&#8220; global_colors_info=&#8220;{}&#8220;][\/et_pb_column][et_pb_column type=&#8220;1_6&#8243; _builder_version=&#8220;4.16&#8243; _module_preset=&#8220;default&#8220; global_colors_info=&#8220;{}&#8220;][\/et_pb_column][et_pb_column type=&#8220;1_6&#8243; _builder_version=&#8220;4.16&#8243; _module_preset=&#8220;default&#8220; global_colors_info=&#8220;{}&#8220;][\/et_pb_column][\/et_pb_row][et_pb_row column_structure=&#8220;1_3,1_3,1_3&#8243; disabled_on=&#8220;off|on|on&#8220; _builder_version=&#8220;4.16&#8243; _module_preset=&#8220;default&#8220; background_size=&#8220;initial&#8220; background_position=&#8220;top_left&#8220; background_repeat=&#8220;repeat&#8220; global_colors_info=&#8220;{}&#8220;][et_pb_column type=&#8220;1_3&#8243; _builder_version=&#8220;4.16&#8243; _module_preset=&#8220;default&#8220; global_colors_info=&#8220;{}&#8220;][et_pb_image src=&#8220;https:\/\/friesland.com.py\/de\/files\/2022\/02\/telefon.png&#8220; title_text=&#8220;telefon&#8220; url=&#8220;@ET-DC@eyJkeW5hbWljIjp0cnVlLCJjb250ZW50IjoicG9zdF9saW5rX3VybF9wYWdlIiwic2V0dGluZ3MiOnsicG9zdF9pZCI6IjQyNjcifX0=@&#8220; align=&#8220;center&#8220; disabled_on=&#8220;off|off|off&#8220; _builder_version=&#8220;4.16&#8243; _dynamic_attributes=&#8220;url&#8220; _module_preset=&#8220;default&#8220; global_colors_info=&#8220;{}&#8220;][\/et_pb_image][\/et_pb_column][et_pb_column type=&#8220;1_3&#8243; _builder_version=&#8220;4.16&#8243; _module_preset=&#8220;default&#8220; global_colors_info=&#8220;{}&#8220;][et_pb_image src=&#8220;https:\/\/friesland.com.py\/de\/files\/2022\/02\/Rechteck-mitte.png&#8220; title_text=&#8220;Rechteck mitte&#8220; url=&#8220;https:\/\/www.facebook.com\/frieslandpy&#8220; align=&#8220;center&#8220; _builder_version=&#8220;4.16&#8243; _module_preset=&#8220;default&#8220; global_colors_info=&#8220;{}&#8220;][\/et_pb_image][\/et_pb_column][et_pb_column type=&#8220;1_3&#8243; _builder_version=&#8220;4.16&#8243; _module_preset=&#8220;default&#8220; global_colors_info=&#8220;{}&#8220;][et_pb_image src=&#8220;https:\/\/friesland.com.py\/de\/files\/2022\/02\/Rechteck-rechts.png&#8220; title_text=&#8220;Rechteck rechts&#8220; url=&#8220;https:\/\/www.instagram.com\/friesland.py\/&#8220; align=&#8220;center&#8220; _builder_version=&#8220;4.16&#8243; _module_preset=&#8220;default&#8220; global_colors_info=&#8220;{}&#8220;][\/et_pb_image][\/et_pb_column][\/et_pb_row][\/et_pb_section]<\/p>\n","protected":false},"excerpt":{"rendered":"<p>Friesland ist eine Mennonitenkolonie im Departement San Pedro, im Norden Paraguays. Um ihre Geschichte und Entwicklung zu verstehen, muss man zun\u00e4chst die Geschichte der Mennoniten betrachten. Diese haben ihren Ursprung in der Zeit der Reformation im 16. Jahrhundert. Zu dieser Zeit bildete sich in Europa eine Gruppe von radikalen Wiedert\u00e4ufern. Diese lehnten die Kindertaufe ab [&hellip;]<\/p>\n","protected":false},"author":1,"featured_media":0,"parent":0,"menu_order":0,"comment_status":"closed","ping_status":"closed","template":"","meta":{"_et_pb_use_builder":"on","_et_pb_old_content":"","_et_gb_content_width":"","jetpack_post_was_ever_published":false,"footnotes":""},"class_list":["post-4066","page","type-page","status-publish","hentry"],"jetpack_shortlink":"https:\/\/wp.me\/P2Q8BF-13A","jetpack_sharing_enabled":true,"_links":{"self":[{"href":"https:\/\/friesland.com.py\/de\/wp-json\/wp\/v2\/pages\/4066","targetHints":{"allow":["GET"]}}],"collection":[{"href":"https:\/\/friesland.com.py\/de\/wp-json\/wp\/v2\/pages"}],"about":[{"href":"https:\/\/friesland.com.py\/de\/wp-json\/wp\/v2\/types\/page"}],"author":[{"embeddable":true,"href":"https:\/\/friesland.com.py\/de\/wp-json\/wp\/v2\/users\/1"}],"replies":[{"embeddable":true,"href":"https:\/\/friesland.com.py\/de\/wp-json\/wp\/v2\/comments?post=4066"}],"version-history":[{"count":16,"href":"https:\/\/friesland.com.py\/de\/wp-json\/wp\/v2\/pages\/4066\/revisions"}],"predecessor-version":[{"id":4519,"href":"https:\/\/friesland.com.py\/de\/wp-json\/wp\/v2\/pages\/4066\/revisions\/4519"}],"wp:attachment":[{"href":"https:\/\/friesland.com.py\/de\/wp-json\/wp\/v2\/media?parent=4066"}],"curies":[{"name":"wp","href":"https:\/\/api.w.org\/{rel}","templated":true}]}}